{"id":71,"date":"2012-12-27T14:13:15","date_gmt":"2012-12-27T12:13:15","guid":{"rendered":"http:\/\/www.label-factory.com\/brigitte\/?page_id=71"},"modified":"2020-11-22T13:51:54","modified_gmt":"2020-11-22T11:51:54","slug":"ubersicht-ausstellungen","status":"publish","type":"page","link":"https:\/\/brigittelumpi.com\/index.php\/ubersicht-ausstellungen\/","title":{"rendered":"\u00dcbersicht Ausstellungen"},"content":{"rendered":"<ul>\n<li>2018 Gemeinschaftsausstellung, S\u00e4ulenhalle des Rathauses Salzburg<\/li>\n<li>2017 Furor Colligendi &#8211; F\u00fcr Anton Gugg, Stadtgalerie Lehen, Salzburg<\/li>\n<li>2017 &#8222;Zuf\u00e4llige Begegnungen&#8220;, GWS Salzburg<\/li>\n<li>2012\u00a0 \u201emoments\u201c Universit\u00e4tsbibliothek, Salzburg<\/li>\n<li>2010\u00a0 \u201edrinnen-drau\u00dfen\u201c Justizanstalt Steyr, Garsten O\u00d6.<\/li>\n<li>2010\u00a0 Preistr\u00e4ger Kunstpreis \u201eFFF Oktoberfest\u201c, Villa Mohr, M\u00fcnchen<\/li>\n<li>2009 \u201eHummer\u201c Metagil Studios, Innsbruck<\/li>\n<li>2009 \u201eCities\u201c Metagil Studios, St.P\u00f6lten<\/li>\n<li>2008 Finalist \u201eEuregio Kunstpreis 2008\u201c, Freilassing \u2013 Traunreut \u2013 Seekirchen Kunst aus dem Berchtesgadener Land, M\u00fcnchen &#8211; Berchtesgaden<\/li>\n<li>2007 \u201eSt\u00e4dtebilder\u201c, Kanzlei Hunsdorfer, Freilassing<\/li>\n<li>2007 \u201eNew York &#8211; Berlin\u201c, Hotel Mercure, Salzburg<\/li>\n<li>2007 \u201eHeimweh\u201c, S\u00e4ulenhalle des Rathauses Salzburg<\/li>\n<li>2006 Contemporary Art, Postbank Freilassing<\/li>\n<li>2005 Gemeinschaftsausstellung der Artgalerie, Eugendorf<\/li>\n<li>2005 \u201eein \u00dcber-Blick\u201c, Artport-Galerie, Flughafen Salzburg<\/li>\n<li>2005 Einladung zur Biennale Internazionale Dell&#8217;Arte Contemporanea, Florenz<\/li>\n<li>2003 Gemeinschaftsausstellung, \u201eTeam 7\u201c, Eugendorf<\/li>\n<li>2003 \u201eEssbares\u201c im \u201eBodega\u201c, Rif bei Salzburg<\/li>\n<li>2002 1.Ausstellung, Agentur Kreutzer, Freilassing<\/li>\n<\/ul>\n","protected":false},"excerpt":{"rendered":"<p>2018 Gemeinschaftsausstellung, S\u00e4ulenhalle des Rathauses Salzburg 2017 Furor Colligendi &#8211; F\u00fcr Anton Gugg, Stadtgalerie Lehen, Salzburg 2017 &#8222;Zuf\u00e4llige Begegnungen&#8220;, GWS [&hellip;]<\/p>\n","protected":false},"author":2,"featured_media":0,"parent":0,"menu_order":0,"comment_status":"closed","ping_status":"closed","template":"","meta":{"footnotes":""},"class_list":["post-71","page","type-page","status-publish","hentry"],"yoast_head":"<!-- This site is optimized with the Yoast SEO plugin v27.4 - https:\/\/yoast.com\/product\/yoast-seo-wordpress\/ -->\n<title>\u00dcbersicht Ausstellungen - BRIGITTE LUMPI<\/title>\n<meta name=\"robots\" content=\"index, follow, max-snippet:-1, max-image-preview:large, max-video-preview:-1\" \/>\n<link rel=\"canonical\" href=\"https:\/\/brigittelumpi.com\/index.php\/ubersicht-ausstellungen\/\" \/>\n<meta property=\"og:locale\" content=\"de_DE\" \/>\n<meta property=\"og:type\" content=\"article\" \/>\n<meta property=\"og:title\" content=\"\u00dcbersicht Ausstellungen - BRIGITTE LUMPI\" \/>\n<meta property=\"og:description\" content=\"2018 Gemeinschaftsausstellung, S\u00e4ulenhalle des Rathauses Salzburg 2017 Furor Colligendi &#8211; F\u00fcr Anton Gugg, Stadtgalerie Lehen, Salzburg 2017 &#8222;Zuf\u00e4llige Begegnungen&#8220;, GWS [&hellip;]\" \/>\n<meta property=\"og:url\" content=\"https:\/\/brigittelumpi.com\/index.php\/ubersicht-ausstellungen\/\" \/>\n<meta property=\"og:site_name\" content=\"BRIGITTE LUMPI\" \/>\n<meta property=\"article:modified_time\" content=\"2020-11-22T11:51:54+00:00\" \/>\n<meta name=\"twitter:label1\" content=\"Gesch\u00e4tzte Lesezeit\" \/>\n\t<meta name=\"twitter:data1\" content=\"1\u00a0Minute\" \/>\n<script type=\"application\/ld+json\" class=\"yoast-schema-graph\">{\"@context\":\"https:\\\/\\\/schema.org\",\"@graph\":[{\"@type\":\"WebPage\",\"@id\":\"https:\\\/\\\/brigittelumpi.com\\\/index.php\\\/ubersicht-ausstellungen\\\/\",\"url\":\"https:\\\/\\\/brigittelumpi.com\\\/index.php\\\/ubersicht-ausstellungen\\\/\",\"name\":\"\u00dcbersicht Ausstellungen - BRIGITTE LUMPI\",\"isPartOf\":{\"@id\":\"https:\\\/\\\/brigittelumpi.com\\\/#website\"},\"datePublished\":\"2012-12-27T12:13:15+00:00\",\"dateModified\":\"2020-11-22T11:51:54+00:00\",\"breadcrumb\":{\"@id\":\"https:\\\/\\\/brigittelumpi.com\\\/index.php\\\/ubersicht-ausstellungen\\\/#breadcrumb\"},\"inLanguage\":\"de\",\"potentialAction\":[{\"@type\":\"ReadAction\",\"target\":[\"https:\\\/\\\/brigittelumpi.com\\\/index.php\\\/ubersicht-ausstellungen\\\/\"]}]},{\"@type\":\"BreadcrumbList\",\"@id\":\"https:\\\/\\\/brigittelumpi.com\\\/index.php\\\/ubersicht-ausstellungen\\\/#breadcrumb\",\"itemListElement\":[{\"@type\":\"ListItem\",\"position\":1,\"name\":\"Home\",\"item\":\"https:\\\/\\\/brigittelumpi.com\\\/\"},{\"@type\":\"ListItem\",\"position\":2,\"name\":\"\u00dcbersicht Ausstellungen\"}]},{\"@type\":\"WebSite\",\"@id\":\"https:\\\/\\\/brigittelumpi.com\\\/#website\",\"url\":\"https:\\\/\\\/brigittelumpi.com\\\/\",\"name\":\"BRIGITTE LUMPI\",\"description\":\"Acryl auf Leinwand \",\"potentialAction\":[{\"@type\":\"SearchAction\",\"target\":{\"@type\":\"EntryPoint\",\"urlTemplate\":\"https:\\\/\\\/brigittelumpi.com\\\/?s={search_term_string}\"},\"query-input\":{\"@type\":\"PropertyValueSpecification\",\"valueRequired\":true,\"valueName\":\"search_term_string\"}}],\"inLanguage\":\"de\"}]}<\/script>\n<!-- \/ Yoast SEO plugin. -->","yoast_head_json":{"title":"\u00dcbersicht Ausstellungen - BRIGITTE LUMPI","robots":{"index":"index","follow":"follow","max-snippet":"max-snippet:-1","max-image-preview":"max-image-preview:large","max-video-preview":"max-video-preview:-1"},"canonical":"https:\/\/brigittelumpi.com\/index.php\/ubersicht-ausstellungen\/","og_locale":"de_DE","og_type":"article","og_title":"\u00dcbersicht Ausstellungen - BRIGITTE LUMPI","og_description":"2018 Gemeinschaftsausstellung, S\u00e4ulenhalle des Rathauses Salzburg 2017 Furor Colligendi &#8211; F\u00fcr Anton Gugg, Stadtgalerie Lehen, Salzburg 2017 &#8222;Zuf\u00e4llige Begegnungen&#8220;, GWS [&hellip;]","og_url":"https:\/\/brigittelumpi.com\/index.php\/ubersicht-ausstellungen\/","og_site_name":"BRIGITTE LUMPI","article_modified_time":"2020-11-22T11:51:54+00:00","twitter_misc":{"Gesch\u00e4tzte Lesezeit":"1\u00a0Minute"},"schema":{"@context":"https:\/\/schema.org","@graph":[{"@type":"WebPage","@id":"https:\/\/brigittelumpi.com\/index.php\/ubersicht-ausstellungen\/","url":"https:\/\/brigittelumpi.com\/index.php\/ubersicht-ausstellungen\/","name":"\u00dcbersicht Ausstellungen - BRIGITTE LUMPI","isPartOf":{"@id":"https:\/\/brigittelumpi.com\/#website"},"datePublished":"2012-12-27T12:13:15+00:00","dateModified":"2020-11-22T11:51:54+00:00","breadcrumb":{"@id":"https:\/\/brigittelumpi.com\/index.php\/ubersicht-ausstellungen\/#breadcrumb"},"inLanguage":"de","potentialAction":[{"@type":"ReadAction","target":["https:\/\/brigittelumpi.com\/index.php\/ubersicht-ausstellungen\/"]}]},{"@type":"BreadcrumbList","@id":"https:\/\/brigittelumpi.com\/index.php\/ubersicht-ausstellungen\/#breadcrumb","itemListElement":[{"@type":"ListItem","position":1,"name":"Home","item":"https:\/\/brigittelumpi.com\/"},{"@type":"ListItem","position":2,"name":"\u00dcbersicht Ausstellungen"}]},{"@type":"WebSite","@id":"https:\/\/brigittelumpi.com\/#website","url":"https:\/\/brigittelumpi.com\/","name":"BRIGITTE LUMPI","description":"Acryl auf Leinwand ","potentialAction":[{"@type":"SearchAction","target":{"@type":"EntryPoint","urlTemplate":"https:\/\/brigittelumpi.com\/?s={search_term_string}"},"query-input":{"@type":"PropertyValueSpecification","valueRequired":true,"valueName":"search_term_string"}}],"inLanguage":"de"}]}},"_links":{"self":[{"href":"https:\/\/brigittelumpi.com\/index.php\/wp-json\/wp\/v2\/pages\/71","targetHints":{"allow":["GET"]}}],"collection":[{"href":"https:\/\/brigittelumpi.com\/index.php\/wp-json\/wp\/v2\/pages"}],"about":[{"href":"https:\/\/brigittelumpi.com\/index.php\/wp-json\/wp\/v2\/types\/page"}],"author":[{"embeddable":true,"href":"https:\/\/brigittelumpi.com\/index.php\/wp-json\/wp\/v2\/users\/2"}],"replies":[{"embeddable":true,"href":"https:\/\/brigittelumpi.com\/index.php\/wp-json\/wp\/v2\/comments?post=71"}],"version-history":[{"count":5,"href":"https:\/\/brigittelumpi.com\/index.php\/wp-json\/wp\/v2\/pages\/71\/revisions"}],"predecessor-version":[{"id":405,"href":"https:\/\/brigittelumpi.com\/index.php\/wp-json\/wp\/v2\/pages\/71\/revisions\/405"}],"wp:attachment":[{"href":"https:\/\/brigittelumpi.com\/index.php\/wp-json\/wp\/v2\/media?parent=71"}],"curies":[{"name":"wp","href":"https:\/\/api.w.org\/{rel}","templated":true}]}}